{"id":426,"date":"2023-11-24T14:33:58","date_gmt":"2023-11-24T14:33:58","guid":{"rendered":"http:\/\/karlajohan.com.ar\/nueva\/?page_id=426"},"modified":"2023-12-07T17:14:18","modified_gmt":"2023-12-07T17:14:18","slug":"recomendados","status":"publish","type":"page","link":"http:\/\/karlajohan.com.ar\/nueva\/recomendados\/","title":{"rendered":"Recomendados"},"content":{"rendered":"<section class=\"wpb-content-wrapper\"><p>[vc_section mobile_bg_img_hidden=\u00bbno\u00bb tablet_bg_img_hidden=\u00bbno\u00bb woodmart_parallax=\u00bb0&#8243; woodmart_gradient_switch=\u00bbno\u00bb woodmart_disable_overflow=\u00bb0&#8243;][vc_row full_width=\u00bbstretch_row_content_no_spaces\u00bb css=\u00bb.vc_custom_1701961579406{padding-top: 60px !important;padding-bottom: 60px !important;background-image: url(http:\/\/karlajohan.com.ar\/nueva\/wp-content\/uploads\/2023\/12\/Banner-seccion-sobre-el-vino-scaled.jpg?id=505) !important;background-position: center !important;background-repeat: no-repeat !important;background-size: cover !important;}\u00bb mobile_bg_img_hidden=\u00bbno\u00bb tablet_bg_img_hidden=\u00bbno\u00bb woodmart_parallax=\u00bb0&#8243; woodmart_gradient_switch=\u00bbno\u00bb row_reverse_mobile=\u00bb0&#8243; row_reverse_tablet=\u00bb0&#8243; woodmart_disable_overflow=\u00bb0&#8243;][vc_column][vc_row_inner][vc_column_inner width=\u00bb5\/6&#8243;][vc_column_text woodmart_color_scheme=\u00bblight\u00bb text_larger=\u00bbno\u00bb]<\/p>\n<h1 style=\"text-align: right;\"><span style=\"color: #ffffff;\">RECOMENDADOS<\/span><\/h1>\n<h4 style=\"text-align: right;\"><span style=\"color: #ffffff;\">40\/40 OTRO ANDAR<\/span><br \/>\n<span style=\"color: #ffffff;\">TEMPUS ALBA PLENO<\/span><br \/>\n<span style=\"color: #ffffff;\">LA ESPERA &#8211; TERROIR\u00b4S SIGNATURE <\/span><\/h4>\n<p>[\/vc_column_text][\/vc_column_inner][vc_column_inner width=\u00bb1\/6&#8243;][\/vc_column_inner][\/vc_row_inner][\/vc_column][\/vc_row][vc_row full_width=\u00bbstretch_row\u00bb css=\u00bb.vc_custom_1701958764420{background-image: url(http:\/\/karlajohan.com.ar\/nueva\/wp-content\/uploads\/2023\/12\/bg-1-100.jpg?id=469) !important;background-position: center !important;background-repeat: no-repeat !important;background-size: cover !important;}\u00bb mobile_bg_img_hidden=\u00bbno\u00bb tablet_bg_img_hidden=\u00bbno\u00bb woodmart_parallax=\u00bb0&#8243; woodmart_gradient_switch=\u00bbno\u00bb row_reverse_mobile=\u00bb0&#8243; row_reverse_tablet=\u00bb0&#8243; woodmart_disable_overflow=\u00bb0&#8243;][vc_column width=\u00bb3\/4&#8243;][vc_column_text text_larger=\u00bbno\u00bb]<a href=\"http:\/\/karlajohan.com.ar\/nueva\/wp-content\/uploads\/2023\/12\/recomendados-borra1.png\"><img loading=\"lazy\" decoding=\"async\" class=\"alignnone size-medium wp-image-513\" style=\"width: 200px; float: left; position: absolute; left: -24%; top: -38PX;\" src=\"http:\/\/karlajohan.com.ar\/nueva\/wp-content\/uploads\/2023\/12\/recomendados-borra1-265x300.png\" alt=\"\" width=\"265\" height=\"300\" srcset=\"http:\/\/karlajohan.com.ar\/nueva\/wp-content\/uploads\/2023\/12\/recomendados-borra1-265x300.png 265w, http:\/\/karlajohan.com.ar\/nueva\/wp-content\/uploads\/2023\/12\/recomendados-borra1.png 267w\" sizes=\"auto, (max-width: 265px) 100vw, 265px\" \/><\/a>[\/vc_column_text][vc_row_inner][vc_column_inner][vc_column_text text_larger=\u00bbno\u00bb css=\u00bb.vc_custom_1701968785295{border-bottom-width: 1px !important;border-bottom-color: #843d53 !important;border-bottom-style: solid !important;}\u00bb]<\/p>\n<h1 style=\"font-family: 'Montserrat'; color: #843d53; margin: 0;\">40\/40 OTRO ANDAR<\/h1>\n<p style=\"font-family: 'Montserrat';\"><strong>TORRONT\u00c9S 100%<\/strong> \/ org\u00e1nico y biodin\u00e1mico.<\/p>\n<p>[\/vc_column_text][\/vc_column_inner][\/vc_row_inner][vc_row_inner][vc_column_inner width=\u00bb1\/6&#8243;][vc_column_text text_larger=\u00bbno\u00bb]<\/p>\n<p style=\"color: #843d53; margin: 0;\"><strong><a href=\"http:\/\/karlajohan.com.ar\/nueva\/wp-content\/uploads\/2023\/12\/icons-51.png\"><img loading=\"lazy\" decoding=\"async\" class=\"alignnone size-full wp-image-475\" src=\"http:\/\/karlajohan.com.ar\/nueva\/wp-content\/uploads\/2023\/12\/icons-51.png\" alt=\"\" width=\"75\" height=\"73\" \/><\/a><\/strong><\/p>\n<p>[\/vc_column_text][\/vc_column_inner][vc_column_inner width=\u00bb5\/6&#8243;][vc_column_text text_larger=\u00bbno\u00bb]<\/p>\n<p style=\"color: #843d53; margin: 0;\"><strong>ORIGEN<\/strong>: Finca La Sofia, Ugarteche, Lujan de Cuyo, Mendoza.<\/p>\n<p>[\/vc_column_text][\/vc_column_inner][\/vc_row_inner][vc_row_inner][vc_column_inner width=\u00bb1\/6&#8243;][vc_column_text text_larger=\u00bbno\u00bb]<\/p>\n<p style=\"color: #843d53; margin: 0;\"><strong><a href=\"http:\/\/karlajohan.com.ar\/nueva\/wp-content\/uploads\/2023\/12\/icon-91.png\"><img loading=\"lazy\" decoding=\"async\" class=\"alignnone size-full wp-image-516\" src=\"http:\/\/karlajohan.com.ar\/nueva\/wp-content\/uploads\/2023\/12\/icon-91.png\" alt=\"\" width=\"51\" height=\"47\" \/><\/a><br \/>\n<\/strong><\/p>\n<p>[\/vc_column_text][\/vc_column_inner][vc_column_inner width=\u00bb5\/6&#8243;][vc_column_text text_larger=\u00bbno\u00bb]<\/p>\n<p style=\"color: #843d53; margin: 0;\"><strong>CRIANZA: <\/strong>criado 12 meses en barrica de roble franc\u00e9s de 5\u00ba uso.<br \/>\n<strong>APARIENCIA: <\/strong>limpio, intensidad media, color verde con reflejos amarillos.<strong><br \/>\n<\/strong><\/p>\n<p>[\/vc_column_text][\/vc_column_inner][\/vc_row_inner][vc_row_inner][vc_column_inner width=\u00bb1\/6&#8243;][vc_column_text text_larger=\u00bbno\u00bb]<\/p>\n<p style=\"color: #843d53; margin: 0;\"><strong><a href=\"http:\/\/karlajohan.com.ar\/nueva\/wp-content\/uploads\/2023\/12\/icons-41.png\"><img loading=\"lazy\" decoding=\"async\" class=\"alignnone size-full wp-image-474\" src=\"http:\/\/karlajohan.com.ar\/nueva\/wp-content\/uploads\/2023\/12\/icons-41.png\" alt=\"\" width=\"73\" height=\"76\" \/><\/a>\u00a0<\/strong><\/p>\n<p>[\/vc_column_text][\/vc_column_inner][vc_column_inner width=\u00bb5\/6&#8243;][vc_column_text text_larger=\u00bbno\u00bb]<\/p>\n<p style=\"color: #843d53; margin: 0;\"><strong>AROMAS: <\/strong>limpio, intensidad alta, fruta c\u00edtrica naranjas amargas, fruta de carozo duraznos y damascos. Flores, tilo y manzanilla.<br \/>\nNotas herb\u00e1ceas, y vegetales, que le aportan la fermentaci\u00f3n con escobajos enteros.<\/p>\n<p>[\/vc_column_text][\/vc_column_inner][\/vc_row_inner][vc_row_inner][vc_column_inner width=\u00bb1\/6&#8243;][vc_column_text text_larger=\u00bbno\u00bb]<\/p>\n<p style=\"color: #843d53; margin: 0;\"><strong><a href=\"http:\/\/karlajohan.com.ar\/nueva\/wp-content\/uploads\/2023\/12\/icons-61.png\"><img loading=\"lazy\" decoding=\"async\" class=\"alignnone size-full wp-image-476\" src=\"http:\/\/karlajohan.com.ar\/nueva\/wp-content\/uploads\/2023\/12\/icons-61.png\" alt=\"\" width=\"53\" height=\"91\" \/><\/a><\/strong><\/p>\n<p>[\/vc_column_text][\/vc_column_inner][vc_column_inner width=\u00bb5\/6&#8243;][vc_column_text text_larger=\u00bbno\u00bb]<\/p>\n<p style=\"color: #843d53; margin: 0;\"><strong>SABOR: <\/strong>buena acidez, taninos marcados, presenta un cuerpo medio\/alto. Notas herb\u00e1ceas y vegetales. Fruta c\u00edtrica, naranjas amargas y pomelo rosado, fruta de carozo, damascos. Notas a flores blancas. Final largo y persistente con notas herb\u00e1ceas y florales.<\/p>\n<p>[\/vc_column_text][\/vc_column_inner][\/vc_row_inner][vc_row_inner][vc_column_inner width=\u00bb1\/6&#8243;][vc_column_text text_larger=\u00bbno\u00bb]<\/p>\n<p style=\"color: #843d53; margin: 0;\"><strong><a href=\"http:\/\/karlajohan.com.ar\/nueva\/wp-content\/uploads\/2023\/12\/icons-71.png\"><img loading=\"lazy\" decoding=\"async\" class=\"alignnone size-full wp-image-477\" src=\"http:\/\/karlajohan.com.ar\/nueva\/wp-content\/uploads\/2023\/12\/icons-71.png\" alt=\"\" width=\"101\" height=\"81\" \/><\/a>\u00a0<\/strong><\/p>\n<p>[\/vc_column_text][\/vc_column_inner][vc_column_inner width=\u00bb5\/6&#8243;][vc_column_text text_larger=\u00bbno\u00bb]<\/p>\n<p style=\"color: #843d53; margin: 0;\"><strong>CONCLUSI\u00d3N:<\/strong> vino seco, con buena acidez, notas herb\u00e1ceo que provienen de su elaboraci\u00f3n. Ideal para acompa\u00f1ar pescados, mariscos y crust\u00e1ceos. Tambi\u00e9n con postres a base de crema y frutas c\u00edtricas.<\/p>\n<p>[\/vc_column_text][\/vc_column_inner][\/vc_row_inner][\/vc_column][vc_column width=\u00bb1\/4&#8243;][vc_single_image image=\u00bb514&#8243; img_size=\u00bbfull\u00bb alignment=\u00bbright\u00bb parallax_scroll=\u00bbno\u00bb][\/vc_column][\/vc_row][vc_row full_width=\u00bbstretch_row\u00bb css=\u00bb.vc_custom_1701958764420{background-image: url(http:\/\/karlajohan.com.ar\/nueva\/wp-content\/uploads\/2023\/12\/bg-1-100.jpg?id=469) !important;background-position: center !important;background-repeat: no-repeat !important;background-size: cover !important;}\u00bb mobile_bg_img_hidden=\u00bbno\u00bb tablet_bg_img_hidden=\u00bbno\u00bb woodmart_parallax=\u00bb0&#8243; woodmart_gradient_switch=\u00bbno\u00bb row_reverse_mobile=\u00bb0&#8243; row_reverse_tablet=\u00bb0&#8243; woodmart_disable_overflow=\u00bb0&#8243;][vc_column width=\u00bb1\/4&#8243;][vc_single_image image=\u00bb525&#8243; img_size=\u00bbfull\u00bb alignment=\u00bbright\u00bb parallax_scroll=\u00bbno\u00bb][\/vc_column][vc_column width=\u00bb3\/4&#8243;][vc_column_text text_larger=\u00bbno\u00bb]<a href=\"http:\/\/karlajohan.com.ar\/nueva\/wp-content\/uploads\/2023\/12\/recomendados-borra1.png\"><img loading=\"lazy\" decoding=\"async\" class=\"alignnone size-medium wp-image-513\" style=\"width: 200px; float: left; position: absolute; right: -24%; top: -20PX;\" src=\"http:\/\/karlajohan.com.ar\/nueva\/wp-content\/uploads\/2023\/12\/recomendados-borra1-265x300.png\" alt=\"\" width=\"265\" height=\"300\" srcset=\"http:\/\/karlajohan.com.ar\/nueva\/wp-content\/uploads\/2023\/12\/recomendados-borra1-265x300.png 265w, http:\/\/karlajohan.com.ar\/nueva\/wp-content\/uploads\/2023\/12\/recomendados-borra1.png 267w\" sizes=\"auto, (max-width: 265px) 100vw, 265px\" \/><\/a>[\/vc_column_text][vc_row_inner][vc_column_inner][vc_column_text text_larger=\u00bbno\u00bb css=\u00bb.vc_custom_1701968804754{border-bottom-width: 1px !important;border-bottom-color: #843d53 !important;border-bottom-style: solid !important;}\u00bb]<\/p>\n<h1 style=\"font-family: 'Montserrat'; color: #843d53; margin: 0;\">TEMPUS ALBA PLENO<\/h1>\n<p style=\"font-family: 'Montserrat';\"><strong>65% MALBEC y 35% CABERNET SAUVIGNON<\/strong><\/p>\n<p>[\/vc_column_text][\/vc_column_inner][\/vc_row_inner][vc_row_inner][vc_column_inner width=\u00bb5\/6&#8243; woodmart_text_align=\u00bbright\u00bb][vc_column_text text_larger=\u00bbno\u00bb]<\/p>\n<p style=\"color: #843d53; margin: 0;\"><strong>ORIGEN<\/strong>: Anchoris, Luj\u00e1n de Cuyo, Mendoza.<\/p>\n<p>[\/vc_column_text][\/vc_column_inner][vc_column_inner width=\u00bb1\/6&#8243;][vc_column_text text_larger=\u00bbno\u00bb]<\/p>\n<p style=\"color: #843d53; margin: 0;\"><strong><a href=\"http:\/\/karlajohan.com.ar\/nueva\/wp-content\/uploads\/2023\/12\/icons-51.png\"><img loading=\"lazy\" decoding=\"async\" class=\"alignnone size-full wp-image-475\" src=\"http:\/\/karlajohan.com.ar\/nueva\/wp-content\/uploads\/2023\/12\/icons-51.png\" alt=\"\" width=\"75\" height=\"73\" \/><\/a><\/strong><\/p>\n<p>[\/vc_column_text][\/vc_column_inner][\/vc_row_inner][vc_row_inner][vc_column_inner width=\u00bb5\/6&#8243;][vc_column_text text_larger=\u00bbno\u00bb]<\/p>\n<p style=\"color: #843d53; margin: 0;\"><strong>CRIANZA: <\/strong>12 meses en barricas de roble (90% franc\u00e9s y 10% americano de 1\u00ba uso)<br \/>\n<strong>APARIENCIA: <\/strong>limpio, intensidad alta, color rojo p\u00farpura.<strong><br \/>\n<\/strong><\/p>\n<p>[\/vc_column_text][\/vc_column_inner][vc_column_inner width=\u00bb1\/6&#8243;][vc_column_text text_larger=\u00bbno\u00bb]<\/p>\n<p style=\"color: #843d53; margin: 0;\"><strong><a href=\"http:\/\/karlajohan.com.ar\/nueva\/wp-content\/uploads\/2023\/12\/icon-91.png\"><img loading=\"lazy\" decoding=\"async\" class=\"alignnone size-full wp-image-516\" src=\"http:\/\/karlajohan.com.ar\/nueva\/wp-content\/uploads\/2023\/12\/icon-91.png\" alt=\"\" width=\"51\" height=\"47\" \/><\/a><br \/>\n<\/strong><\/p>\n<p>[\/vc_column_text][\/vc_column_inner][\/vc_row_inner][vc_row_inner][vc_column_inner width=\u00bb5\/6&#8243;][vc_column_text text_larger=\u00bbno\u00bb]<\/p>\n<p style=\"color: #843d53; margin: 0;\"><strong>AROMAS: <\/strong>limpio, intensidad alta, fruta roja madura, ciruelas y fruta negra, ar\u00e1ndanos. Flores, violetas y rosas rojas, notas especiadas &#8211; vainilla y chocolate .<\/p>\n<p>[\/vc_column_text][\/vc_column_inner][vc_column_inner width=\u00bb1\/6&#8243;][vc_column_text text_larger=\u00bbno\u00bb]<\/p>\n<p style=\"color: #843d53; margin: 0;\"><strong><a href=\"http:\/\/karlajohan.com.ar\/nueva\/wp-content\/uploads\/2023\/12\/icons-41.png\"><img loading=\"lazy\" decoding=\"async\" class=\"alignnone size-full wp-image-474\" src=\"http:\/\/karlajohan.com.ar\/nueva\/wp-content\/uploads\/2023\/12\/icons-41.png\" alt=\"\" width=\"73\" height=\"76\" \/><\/a>\u00a0<\/strong><\/p>\n<p>[\/vc_column_text][\/vc_column_inner][\/vc_row_inner][vc_row_inner][vc_column_inner width=\u00bb5\/6&#8243;][vc_column_text text_larger=\u00bbno\u00bb]<\/p>\n<p style=\"color: #843d53; margin: 0;\"><strong>SABOR: <\/strong>taninos dulces y amables, presenta un cuerpo medio\/alto. Fruta roja madura, ciruelas y confitadas, pasas de uvas. Retrogusto largo y persistente a frutos rojos y chocolate amargo.<\/p>\n<p>[\/vc_column_text][\/vc_column_inner][vc_column_inner width=\u00bb1\/6&#8243;][vc_column_text text_larger=\u00bbno\u00bb]<\/p>\n<p style=\"color: #843d53; margin: 0;\"><strong><a href=\"http:\/\/karlajohan.com.ar\/nueva\/wp-content\/uploads\/2023\/12\/icons-61.png\"><img loading=\"lazy\" decoding=\"async\" class=\"alignnone size-full wp-image-476\" src=\"http:\/\/karlajohan.com.ar\/nueva\/wp-content\/uploads\/2023\/12\/icons-61.png\" alt=\"\" width=\"53\" height=\"91\" \/><\/a><\/strong><\/p>\n<p>[\/vc_column_text][\/vc_column_inner][\/vc_row_inner][vc_row_inner][vc_column_inner width=\u00bb5\/6&#8243;][vc_column_text text_larger=\u00bbno\u00bb]<\/p>\n<p style=\"color: #843d53; margin: 0;\"><strong>CONCLUSI\u00d3N:<\/strong> vino con car\u00e1cter, frutado. Ideal para acompa\u00f1ar platos elaborados risottos, pastas rellenas y carne roja. Tambi\u00e9n para acompa\u00f1ar postres a base de chocolate amargo.<\/p>\n<p>[\/vc_column_text][\/vc_column_inner][vc_column_inner width=\u00bb1\/6&#8243;][vc_column_text text_larger=\u00bbno\u00bb]<\/p>\n<p style=\"color: #843d53; margin: 0;\"><strong><a href=\"http:\/\/karlajohan.com.ar\/nueva\/wp-content\/uploads\/2023\/12\/icons-71.png\"><img loading=\"lazy\" decoding=\"async\" class=\"alignnone size-full wp-image-477\" src=\"http:\/\/karlajohan.com.ar\/nueva\/wp-content\/uploads\/2023\/12\/icons-71.png\" alt=\"\" width=\"101\" height=\"81\" \/><\/a>\u00a0<\/strong><\/p>\n<p>[\/vc_column_text][\/vc_column_inner][\/vc_row_inner][\/vc_column][\/vc_row][vc_row full_width=\u00bbstretch_row\u00bb css=\u00bb.vc_custom_1701958764420{background-image: url(http:\/\/karlajohan.com.ar\/nueva\/wp-content\/uploads\/2023\/12\/bg-1-100.jpg?id=469) !important;background-position: center !important;background-repeat: no-repeat !important;background-size: cover !important;}\u00bb mobile_bg_img_hidden=\u00bbno\u00bb tablet_bg_img_hidden=\u00bbno\u00bb woodmart_parallax=\u00bb0&#8243; woodmart_gradient_switch=\u00bbno\u00bb row_reverse_mobile=\u00bb0&#8243; row_reverse_tablet=\u00bb0&#8243; woodmart_disable_overflow=\u00bb0&#8243;][vc_column width=\u00bb3\/4&#8243;][vc_column_text text_larger=\u00bbno\u00bb]<a href=\"http:\/\/karlajohan.com.ar\/nueva\/wp-content\/uploads\/2023\/12\/recomendados-borra1.png\"><img loading=\"lazy\" decoding=\"async\" class=\"alignnone size-medium wp-image-513\" style=\"width: 200px; float: left; position: absolute; left: -24%; top: -20PX;\" src=\"http:\/\/karlajohan.com.ar\/nueva\/wp-content\/uploads\/2023\/12\/recomendados-borra1-265x300.png\" alt=\"\" width=\"265\" height=\"300\" srcset=\"http:\/\/karlajohan.com.ar\/nueva\/wp-content\/uploads\/2023\/12\/recomendados-borra1-265x300.png 265w, http:\/\/karlajohan.com.ar\/nueva\/wp-content\/uploads\/2023\/12\/recomendados-borra1.png 267w\" sizes=\"auto, (max-width: 265px) 100vw, 265px\" \/><\/a>[\/vc_column_text][vc_row_inner][vc_column_inner][vc_column_text text_larger=\u00bbno\u00bb css=\u00bb.vc_custom_1701968963086{border-bottom-width: 1px !important;border-bottom-color: #843d53 !important;border-bottom-style: solid !important;}\u00bb]<\/p>\n<h1 style=\"font-family: 'Montserrat'; color: #843d53; margin: 0;\">LA ESPERA &#8211; TERROIR\u00b4S SIGNATURE<\/h1>\n<p style=\"font-family: 'Montserrat';\"><strong>100% CABERNET SAUVIGNON.<\/strong><\/p>\n<p>[\/vc_column_text][\/vc_column_inner][\/vc_row_inner][vc_row_inner][vc_column_inner width=\u00bb1\/6&#8243;][vc_column_text text_larger=\u00bbno\u00bb]<\/p>\n<p style=\"color: #843d53; margin: 0;\"><strong><a href=\"http:\/\/karlajohan.com.ar\/nueva\/wp-content\/uploads\/2023\/12\/icons-51.png\"><img loading=\"lazy\" decoding=\"async\" class=\"alignnone size-full wp-image-475\" src=\"http:\/\/karlajohan.com.ar\/nueva\/wp-content\/uploads\/2023\/12\/icons-51.png\" alt=\"\" width=\"75\" height=\"73\" \/><\/a><\/strong><\/p>\n<p>[\/vc_column_text][\/vc_column_inner][vc_column_inner width=\u00bb5\/6&#8243;][vc_column_text text_larger=\u00bbno\u00bb]<\/p>\n<p style=\"color: #843d53; margin: 0;\"><strong>ORIGEN<\/strong>: 25 de mayo, San Rafael, Mendoza.<\/p>\n<p>[\/vc_column_text][\/vc_column_inner][\/vc_row_inner][vc_row_inner][vc_column_inner width=\u00bb1\/6&#8243;][vc_column_text text_larger=\u00bbno\u00bb]<\/p>\n<p style=\"color: #843d53; margin: 0;\"><strong><a href=\"http:\/\/karlajohan.com.ar\/nueva\/wp-content\/uploads\/2023\/12\/icon-91.png\"><img loading=\"lazy\" decoding=\"async\" class=\"alignnone size-full wp-image-516\" src=\"http:\/\/karlajohan.com.ar\/nueva\/wp-content\/uploads\/2023\/12\/icon-91.png\" alt=\"\" width=\"51\" height=\"47\" \/><\/a><br \/>\n<\/strong><\/p>\n<p>[\/vc_column_text][\/vc_column_inner][vc_column_inner width=\u00bb5\/6&#8243;][vc_column_text text_larger=\u00bbno\u00bb]<\/p>\n<p style=\"color: #843d53; margin: 0;\"><strong>CRIANZA: <\/strong>12 meses en barrica de roble franc\u00e9s de 1\u00ba uso<strong>.<br \/>\nAPARIENCIA: <\/strong>limpio, intensidad media\/alta, color rojo rub\u00ed y granate.<strong><br \/>\n<\/strong><\/p>\n<p>[\/vc_column_text][\/vc_column_inner][\/vc_row_inner][vc_row_inner][vc_column_inner width=\u00bb1\/6&#8243;][vc_column_text text_larger=\u00bbno\u00bb]<\/p>\n<p style=\"color: #843d53; margin: 0;\"><strong><a href=\"http:\/\/karlajohan.com.ar\/nueva\/wp-content\/uploads\/2023\/12\/icons-41.png\"><img loading=\"lazy\" decoding=\"async\" class=\"alignnone size-full wp-image-474\" src=\"http:\/\/karlajohan.com.ar\/nueva\/wp-content\/uploads\/2023\/12\/icons-41.png\" alt=\"\" width=\"73\" height=\"76\" \/><\/a>\u00a0<\/strong><\/p>\n<p>[\/vc_column_text][\/vc_column_inner][vc_column_inner width=\u00bb5\/6&#8243;][vc_column_text text_larger=\u00bbno\u00bb]<\/p>\n<p style=\"color: #843d53; margin: 0;\"><strong>AROMAS: <\/strong>limpio, intensidad alta, fruta roja madura, cerezas y fruta negra, ar\u00e1ndanos. Notas vegetales, pimiento rojo y especiadas pimienta negra, vainilla y levemente ahumado.<\/p>\n<p>[\/vc_column_text][\/vc_column_inner][\/vc_row_inner][vc_row_inner][vc_column_inner width=\u00bb1\/6&#8243;][vc_column_text text_larger=\u00bbno\u00bb]<\/p>\n<p style=\"color: #843d53; margin: 0;\"><strong><a href=\"http:\/\/karlajohan.com.ar\/nueva\/wp-content\/uploads\/2023\/12\/icons-61.png\"><img loading=\"lazy\" decoding=\"async\" class=\"alignnone size-full wp-image-476\" src=\"http:\/\/karlajohan.com.ar\/nueva\/wp-content\/uploads\/2023\/12\/icons-61.png\" alt=\"\" width=\"53\" height=\"91\" \/><\/a><\/strong><\/p>\n<p>[\/vc_column_text][\/vc_column_inner][vc_column_inner width=\u00bb5\/6&#8243;][vc_column_text text_larger=\u00bbno\u00bb]<\/p>\n<p style=\"color: #843d53; margin: 0;\"><strong>SABOR: <\/strong>taninos amables, y equilibrados, presenta un cuerpo alto.<br \/>\nFruta roja cerezas, y fruta negra, ar\u00e1ndanos. Notas vegetales, pimiento rojo y especiadas. Retrogusto largo y persistente a fruta roja madura, vainilla y chocolate amargo.<\/p>\n<p>[\/vc_column_text][\/vc_column_inner][\/vc_row_inner][vc_row_inner][vc_column_inner width=\u00bb1\/6&#8243;][vc_column_text text_larger=\u00bbno\u00bb]<\/p>\n<p style=\"color: #843d53; margin: 0;\"><strong><a href=\"http:\/\/karlajohan.com.ar\/nueva\/wp-content\/uploads\/2023\/12\/icons-71.png\"><img loading=\"lazy\" decoding=\"async\" class=\"alignnone size-full wp-image-477\" src=\"http:\/\/karlajohan.com.ar\/nueva\/wp-content\/uploads\/2023\/12\/icons-71.png\" alt=\"\" width=\"101\" height=\"81\" \/><\/a>\u00a0<\/strong><\/p>\n<p>[\/vc_column_text][\/vc_column_inner][vc_column_inner width=\u00bb5\/6&#8243;][vc_column_text text_larger=\u00bbno\u00bb]<\/p>\n<p style=\"color: #843d53; margin: 0;\"><strong>CONCLUSI\u00d3N:<\/strong> vino equilibrado, frutado, ideal para acompa\u00f1ar carnes rojas, pastas rellenas de carne, hongos. Tambi\u00e9n bien con postres a base de chocolate.<\/p>\n<p>[\/vc_column_text][\/vc_column_inner][\/vc_row_inner][\/vc_column][vc_column width=\u00bb1\/4&#8243;][vc_single_image image=\u00bb524&#8243; img_size=\u00bbfull\u00bb alignment=\u00bbright\u00bb parallax_scroll=\u00bbno\u00bb][\/vc_column][\/vc_row][\/vc_section]<\/p>\n<\/section>","protected":false},"excerpt":{"rendered":"<p>[vc_section mobile_bg_img_hidden=\u00bbno\u00bb tablet_bg_img_hidden=\u00bbno\u00bb woodmart_parallax=\u00bb0&#8243; woodmart_gradient_switch=\u00bbno\u00bb woodmart_disable_overflow=\u00bb0&#8243;][vc_row full_width=\u00bbstretch_row_content_no_spaces\u00bb css=\u00bb.vc_custom_1701961579406{padding-top: 60px !important;padding-bottom: 60px !important;background-image: url(http:\/\/karlajohan.com.ar\/nueva\/wp-content\/uploads\/2023\/12\/Banner-seccion-sobre-el-vino-scaled.jpg?id=505) !important;background-position: center !important;background-repeat: no-repeat !important;background-size: cover !important;}\u00bb<\/p>\n","protected":false},"author":2,"featured_media":0,"parent":0,"menu_order":0,"comment_status":"closed","ping_status":"closed","template":"","meta":{"footnotes":""},"class_list":["post-426","page","type-page","status-publish","hentry"],"_links":{"self":[{"href":"http:\/\/karlajohan.com.ar\/nueva\/wp-json\/wp\/v2\/pages\/426","targetHints":{"allow":["GET"]}}],"collection":[{"href":"http:\/\/karlajohan.com.ar\/nueva\/wp-json\/wp\/v2\/pages"}],"about":[{"href":"http:\/\/karlajohan.com.ar\/nueva\/wp-json\/wp\/v2\/types\/page"}],"author":[{"embeddable":true,"href":"http:\/\/karlajohan.com.ar\/nueva\/wp-json\/wp\/v2\/users\/2"}],"replies":[{"embeddable":true,"href":"http:\/\/karlajohan.com.ar\/nueva\/wp-json\/wp\/v2\/comments?post=426"}],"version-history":[{"count":13,"href":"http:\/\/karlajohan.com.ar\/nueva\/wp-json\/wp\/v2\/pages\/426\/revisions"}],"predecessor-version":[{"id":527,"href":"http:\/\/karlajohan.com.ar\/nueva\/wp-json\/wp\/v2\/pages\/426\/revisions\/527"}],"wp:attachment":[{"href":"http:\/\/karlajohan.com.ar\/nueva\/wp-json\/wp\/v2\/media?parent=426"}],"curies":[{"name":"wp","href":"https:\/\/api.w.org\/{rel}","templated":true}]}}