{"id":430,"date":"2023-11-24T14:40:30","date_gmt":"2023-11-24T14:40:30","guid":{"rendered":"http:\/\/karlajohan.com.ar\/nueva\/?page_id=430"},"modified":"2023-12-07T15:13:23","modified_gmt":"2023-12-07T15:13:23","slug":"sobre-el-vino","status":"publish","type":"page","link":"http:\/\/karlajohan.com.ar\/nueva\/sobre-el-vino\/","title":{"rendered":"Sobre el Vino"},"content":{"rendered":"<section class=\"wpb-content-wrapper\"><p>[vc_section mobile_bg_img_hidden=\u00bbno\u00bb tablet_bg_img_hidden=\u00bbno\u00bb woodmart_parallax=\u00bb0&#8243; woodmart_gradient_switch=\u00bbno\u00bb woodmart_disable_overflow=\u00bb0&#8243;][vc_row full_width=\u00bbstretch_row_content_no_spaces\u00bb css=\u00bb.vc_custom_1701961579406{padding-top: 60px !important;padding-bottom: 60px !important;background-image: url(http:\/\/karlajohan.com.ar\/nueva\/wp-content\/uploads\/2023\/12\/Banner-seccion-sobre-el-vino-scaled.jpg?id=505) !important;background-position: center !important;background-repeat: no-repeat !important;background-size: cover !important;}\u00bb mobile_bg_img_hidden=\u00bbno\u00bb tablet_bg_img_hidden=\u00bbno\u00bb woodmart_parallax=\u00bb0&#8243; woodmart_gradient_switch=\u00bbno\u00bb row_reverse_mobile=\u00bb0&#8243; row_reverse_tablet=\u00bb0&#8243; woodmart_disable_overflow=\u00bb0&#8243;][vc_column][vc_row_inner][vc_column_inner width=\u00bb5\/6&#8243;][vc_column_text woodmart_color_scheme=\u00bblight\u00bb text_larger=\u00bbno\u00bb]<\/p>\n<h1 style=\"text-align: right;\"><span style=\"color: #ffffff;\">SOBRE EL VINO<\/span><\/h1>\n<h4 style=\"text-align: right;\"><span style=\"color: #ffffff;\">MALBEC<\/span><br \/>\n<span style=\"color: #ffffff;\">TEMPRANILLO<\/span><br \/>\n<span style=\"color: #ffffff;\">CABERNET FRANC<\/span><br \/>\n<span style=\"color: #ffffff;\">TORRONT\u00c9S<\/span><\/h4>\n<p>[\/vc_column_text][\/vc_column_inner][vc_column_inner width=\u00bb1\/6&#8243;][\/vc_column_inner][\/vc_row_inner][\/vc_column][\/vc_row][vc_row full_width=\u00bbstretch_row\u00bb css=\u00bb.vc_custom_1701958764420{background-image: url(http:\/\/karlajohan.com.ar\/nueva\/wp-content\/uploads\/2023\/12\/bg-1-100.jpg?id=469) !important;background-position: center !important;background-repeat: no-repeat !important;background-size: cover !important;}\u00bb mobile_bg_img_hidden=\u00bbno\u00bb tablet_bg_img_hidden=\u00bbno\u00bb woodmart_parallax=\u00bb0&#8243; woodmart_gradient_switch=\u00bbno\u00bb row_reverse_mobile=\u00bb0&#8243; row_reverse_tablet=\u00bb0&#8243; woodmart_disable_overflow=\u00bb0&#8243;][vc_column width=\u00bb1\/2&#8243;][vc_row_inner][vc_column_inner width=\u00bb2\/3&#8243;][vc_column_text text_larger=\u00bbno\u00bb css=\u00bb.vc_custom_1701959475676{border-bottom-width: 1px !important;border-bottom-color: #843d53 !important;border-bottom-style: solid !important;}\u00bb]<\/p>\n<h2 style=\"font-family: 'Montserrat'; color: #843d53; margin: 0;\">MALBEC<\/h2>\n<p style=\"font-family: 'Montserrat';\">Cepa bandera de nuestro pa\u00eds<\/p>\n<p>[\/vc_column_text][\/vc_column_inner][vc_column_inner width=\u00bb1\/3&#8243;][\/vc_column_inner][\/vc_row_inner][vc_row_inner][vc_column_inner width=\u00bb1\/2&#8243;][vc_column_text text_larger=\u00bbno\u00bb]<a href=\"http:\/\/karlajohan.com.ar\/nueva\/wp-content\/uploads\/2023\/12\/icons-11.png\"><img loading=\"lazy\" decoding=\"async\" class=\"alignnone size-full wp-image-471\" src=\"http:\/\/karlajohan.com.ar\/nueva\/wp-content\/uploads\/2023\/12\/icons-11.png\" alt=\"\" width=\"47\" height=\"65\" \/><\/a><\/p>\n<p style=\"color: #843d53; margin: 0;\">Origen:<\/p>\n<p style=\"color: #606060; font-family: 'Montserrat';\"><em>Cahors<\/em>, Francia.<\/p>\n<p>[\/vc_column_text][\/vc_column_inner][vc_column_inner width=\u00bb1\/2&#8243;][vc_column_text text_larger=\u00bbno\u00bb]<\/p>\n<p style=\"color: #843d53; margin: 0;\"><a href=\"http:\/\/karlajohan.com.ar\/nueva\/wp-content\/uploads\/2023\/12\/icons-21.png\"><img loading=\"lazy\" decoding=\"async\" class=\"alignnone size-full wp-image-472\" src=\"http:\/\/karlajohan.com.ar\/nueva\/wp-content\/uploads\/2023\/12\/icons-21.png\" alt=\"\" width=\"56\" height=\"80\" \/><\/a><br \/>\nColor:<\/p>\n<p style=\"color: #606060; font-family: 'Montserrat';\">P\u00farpura.<\/p>\n<p>[\/vc_column_text][\/vc_column_inner][\/vc_row_inner][vc_row_inner][vc_column_inner width=\u00bb1\/2&#8243;][vc_column_text text_larger=\u00bbno\u00bb]<\/p>\n<p style=\"color: #843d53; margin: 0;\"><a href=\"http:\/\/karlajohan.com.ar\/nueva\/wp-content\/uploads\/2023\/12\/icons-31.png\"><img loading=\"lazy\" decoding=\"async\" class=\"alignnone size-full wp-image-473\" src=\"http:\/\/karlajohan.com.ar\/nueva\/wp-content\/uploads\/2023\/12\/icons-31.png\" alt=\"\" width=\"70\" height=\"136\" \/><\/a><\/p>\n<p style=\"color: #606060; font-family: 'Montserrat';\"><em>Tra\u00eddo a Argentina<br \/>\nen 1868<\/em><\/p>\n<p>[\/vc_column_text][\/vc_column_inner][vc_column_inner width=\u00bb1\/2&#8243;][vc_column_text text_larger=\u00bbno\u00bb]<\/p>\n<p style=\"color: #843d53; margin: 0;\"><a href=\"http:\/\/karlajohan.com.ar\/nueva\/wp-content\/uploads\/2023\/12\/icons-41.png\"><img loading=\"lazy\" decoding=\"async\" class=\"alignnone size-full wp-image-474\" src=\"http:\/\/karlajohan.com.ar\/nueva\/wp-content\/uploads\/2023\/12\/icons-41.png\" alt=\"\" width=\"73\" height=\"76\" \/><\/a><br \/>\nAroma:<\/p>\n<p style=\"color: #606060; font-family: 'Montserrat';\">a violetas, ciruelas y<br \/>\nregaliz<\/p>\n<p>[\/vc_column_text][\/vc_column_inner][\/vc_row_inner][vc_row_inner][vc_column_inner width=\u00bb1\/2&#8243;][vc_column_text text_larger=\u00bbno\u00bb]<\/p>\n<p style=\"color: #843d53; margin: 0;\"><a href=\"http:\/\/karlajohan.com.ar\/nueva\/wp-content\/uploads\/2023\/12\/icons-51.png\"><img loading=\"lazy\" decoding=\"async\" class=\"alignnone size-full wp-image-475\" src=\"http:\/\/karlajohan.com.ar\/nueva\/wp-content\/uploads\/2023\/12\/icons-51.png\" alt=\"\" width=\"75\" height=\"73\" \/><\/a><br \/>\nMendoza,<\/p>\n<p style=\"color: #606060; font-family: 'Montserrat';\">zona de mayor<br \/>\nplantaci\u00f3n.<\/p>\n<p>[\/vc_column_text][\/vc_column_inner][vc_column_inner width=\u00bb1\/2&#8243;][vc_column_text text_larger=\u00bbno\u00bb]<\/p>\n<p style=\"color: #843d53; margin: 0;\"><a href=\"http:\/\/karlajohan.com.ar\/nueva\/wp-content\/uploads\/2023\/12\/icons-61.png\"><img loading=\"lazy\" decoding=\"async\" class=\"alignnone size-full wp-image-476\" src=\"http:\/\/karlajohan.com.ar\/nueva\/wp-content\/uploads\/2023\/12\/icons-61.png\" alt=\"\" width=\"53\" height=\"91\" \/><\/a><br \/>\nSabor:<\/p>\n<p style=\"color: #606060; font-family: 'Montserrat';\">en Argentina logra ser<br \/>\nm\u00e1s amable, frutado<br \/>\ny con menos taninos.<\/p>\n<p>[\/vc_column_text][\/vc_column_inner][\/vc_row_inner][vc_row_inner][vc_column_inner][vc_column_text text_larger=\u00bbno\u00bb]<\/p>\n<p style=\"color: #843d53; margin: 0;\"><a href=\"http:\/\/karlajohan.com.ar\/nueva\/wp-content\/uploads\/2023\/12\/icons-71.png\"><img loading=\"lazy\" decoding=\"async\" class=\"alignnone size-full wp-image-477\" src=\"http:\/\/karlajohan.com.ar\/nueva\/wp-content\/uploads\/2023\/12\/icons-71.png\" alt=\"\" width=\"101\" height=\"81\" \/><\/a><br \/>\nMaridaje:<\/p>\n<p style=\"color: #606060; font-family: 'Montserrat';\">carnes rojas, ravioles rellenos de rag\u00fa de cordero, guiso de lentejas, risotto de vegetales con queso.<\/p>\n<p>[\/vc_column_text][\/vc_column_inner][\/vc_row_inner][\/vc_column][vc_column width=\u00bb1\/2&#8243;][vc_single_image image=\u00bb481&#8243; img_size=\u00bbfull\u00bb alignment=\u00bbright\u00bb parallax_scroll=\u00bbno\u00bb][\/vc_column][\/vc_row][vc_row full_width=\u00bbstretch_row\u00bb css=\u00bb.vc_custom_1701958764420{background-image: url(http:\/\/karlajohan.com.ar\/nueva\/wp-content\/uploads\/2023\/12\/bg-1-100.jpg?id=469) !important;background-position: center !important;background-repeat: no-repeat !important;background-size: cover !important;}\u00bb mobile_bg_img_hidden=\u00bbno\u00bb tablet_bg_img_hidden=\u00bbno\u00bb woodmart_parallax=\u00bb0&#8243; woodmart_gradient_switch=\u00bbno\u00bb row_reverse_mobile=\u00bb0&#8243; row_reverse_tablet=\u00bb0&#8243; woodmart_disable_overflow=\u00bb0&#8243;][vc_column width=\u00bb1\/2&#8243;][vc_single_image image=\u00bb480&#8243; img_size=\u00bbfull\u00bb alignment=\u00bbright\u00bb parallax_scroll=\u00bbno\u00bb][\/vc_column][vc_column width=\u00bb1\/2&#8243;][vc_row_inner][vc_column_inner width=\u00bb1\/4&#8243;][\/vc_column_inner][vc_column_inner width=\u00bb3\/4&#8243; woodmart_text_align=\u00bbright\u00bb][vc_column_text text_larger=\u00bbno\u00bb css=\u00bb.vc_custom_1701960091106{border-bottom-width: 1px !important;border-bottom-color: #843d53 !important;border-bottom-style: solid !important;}\u00bb]<\/p>\n<h2 style=\"font-family: 'Montserrat'; color: #843d53; margin: 0;\">TEMPRANILLO<\/h2>\n<p style=\"font-family: 'Montserrat';\">Conocida como tinta del pa\u00eds o cencibel<\/p>\n<p>[\/vc_column_text][\/vc_column_inner][\/vc_row_inner][vc_row_inner][vc_column_inner width=\u00bb1\/2&#8243; woodmart_text_align=\u00bbright\u00bb][vc_column_text text_larger=\u00bbno\u00bb]<a href=\"http:\/\/karlajohan.com.ar\/nueva\/wp-content\/uploads\/2023\/12\/icons-11.png\"><img loading=\"lazy\" decoding=\"async\" class=\"alignnone size-full wp-image-471\" src=\"http:\/\/karlajohan.com.ar\/nueva\/wp-content\/uploads\/2023\/12\/icons-11.png\" alt=\"\" width=\"47\" height=\"65\" \/><\/a><\/p>\n<p style=\"color: #843d53; margin: 0;\">Origen:<\/p>\n<p style=\"color: #606060; font-family: 'Montserrat';\">Espa\u00f1a.<\/p>\n<p>[\/vc_column_text][\/vc_column_inner][vc_column_inner width=\u00bb1\/2&#8243; woodmart_text_align=\u00bbright\u00bb][vc_column_text text_larger=\u00bbno\u00bb]<\/p>\n<p style=\"color: #843d53; margin: 0;\"><a href=\"http:\/\/karlajohan.com.ar\/nueva\/wp-content\/uploads\/2023\/12\/icons-21.png\"><img loading=\"lazy\" decoding=\"async\" class=\"alignnone size-full wp-image-472\" src=\"http:\/\/karlajohan.com.ar\/nueva\/wp-content\/uploads\/2023\/12\/icons-21.png\" alt=\"\" width=\"56\" height=\"80\" \/><\/a><br \/>\nColor:<\/p>\n<p style=\"color: #606060; font-family: 'Montserrat';\">rojo intenso,<br \/>\nmatices viol\u00e1ceos en vinos<br \/>\nj\u00f3venes y rub\u00ed con los a\u00f1os.<\/p>\n<p>[\/vc_column_text][\/vc_column_inner][\/vc_row_inner][vc_row_inner][vc_column_inner width=\u00bb1\/2&#8243; woodmart_text_align=\u00bbright\u00bb][vc_column_text text_larger=\u00bbno\u00bb]<\/p>\n<p style=\"color: #606060; font-family: Montserrat;\"><a href=\"http:\/\/karlajohan.com.ar\/nueva\/wp-content\/uploads\/2023\/12\/icons-81-1.png\"><img loading=\"lazy\" decoding=\"async\" class=\"alignnone size-full wp-image-499\" src=\"http:\/\/karlajohan.com.ar\/nueva\/wp-content\/uploads\/2023\/12\/icons-81-1.png\" alt=\"\" width=\"164\" height=\"125\" \/><\/a><br \/>\nLas regiones mas<br \/>\nfamosas donde se cultiva son <strong><em>Ribera del Duero y Rioja<\/em><\/strong>.<\/p>\n<p>[\/vc_column_text][\/vc_column_inner][vc_column_inner width=\u00bb1\/2&#8243; woodmart_text_align=\u00bbright\u00bb][vc_column_text text_larger=\u00bbno\u00bb]<\/p>\n<p style=\"color: #843d53; margin: 0;\"><a href=\"http:\/\/karlajohan.com.ar\/nueva\/wp-content\/uploads\/2023\/12\/icons-41.png\"><img loading=\"lazy\" decoding=\"async\" class=\"alignnone size-full wp-image-474\" src=\"http:\/\/karlajohan.com.ar\/nueva\/wp-content\/uploads\/2023\/12\/icons-41.png\" alt=\"\" width=\"73\" height=\"76\" \/><\/a><br \/>\nAroma:<\/p>\n<p style=\"color: #606060; font-family: 'Montserrat';\">frutas rojas<br \/>\nmaduras, ciruela, fresa,<br \/>\nnotas herbal y floral.<\/p>\n<p>[\/vc_column_text][\/vc_column_inner][\/vc_row_inner][vc_row_inner][vc_column_inner width=\u00bb1\/2&#8243; woodmart_text_align=\u00bbright\u00bb][vc_column_text text_larger=\u00bbno\u00bb]<\/p>\n<p style=\"color: #843d53; margin: 0;\"><a href=\"http:\/\/karlajohan.com.ar\/nueva\/wp-content\/uploads\/2023\/12\/icons-51.png\"><img loading=\"lazy\" decoding=\"async\" class=\"size-full wp-image-475 alignnone\" src=\"http:\/\/karlajohan.com.ar\/nueva\/wp-content\/uploads\/2023\/12\/icons-51.png\" alt=\"\" width=\"75\" height=\"73\" \/><\/a><\/p>\n<p style=\"color: #606060; font-family: Montserrat; text-align: right;\">Aut\u00f3ctona de Rioja.<\/p>\n<p>[\/vc_column_text][\/vc_column_inner][vc_column_inner width=\u00bb1\/2&#8243; woodmart_text_align=\u00bbright\u00bb][vc_column_text text_larger=\u00bbno\u00bb]<\/p>\n<p style=\"color: #843d53; margin: 0;\"><a href=\"http:\/\/karlajohan.com.ar\/nueva\/wp-content\/uploads\/2023\/12\/icons-61.png\"><img loading=\"lazy\" decoding=\"async\" class=\"alignnone size-full wp-image-476\" src=\"http:\/\/karlajohan.com.ar\/nueva\/wp-content\/uploads\/2023\/12\/icons-61.png\" alt=\"\" width=\"53\" height=\"91\" \/><\/a><br \/>\nSabor:<\/p>\n<p style=\"color: #606060; font-family: 'Montserrat';\">entrada amable, sedosa,<br \/>\nfruta roja madura, buen<br \/>\nequilibrio de acidez.<\/p>\n<p>[\/vc_column_text][\/vc_column_inner][\/vc_row_inner][vc_row_inner][vc_column_inner][vc_column_text text_larger=\u00bbno\u00bb]<\/p>\n<p style=\"color: #843d53; margin: 0;\"><a href=\"http:\/\/karlajohan.com.ar\/nueva\/wp-content\/uploads\/2023\/12\/icons-71.png\"><img loading=\"lazy\" decoding=\"async\" class=\"alignnone size-full wp-image-477\" src=\"http:\/\/karlajohan.com.ar\/nueva\/wp-content\/uploads\/2023\/12\/icons-71.png\" alt=\"\" width=\"101\" height=\"81\" \/><\/a><br \/>\nMaridaje:<\/p>\n<p style=\"color: #606060; font-family: 'Montserrat';\">combina con paellas, risotto, pastas con salsa mediterr\u00e1nea, pescados y mariscos en general.<br \/>\n<strong><br \/>\nQuesos<\/strong>: D.O.P Manchego de leche de oveja o de cabra suaves.<\/p>\n<p>[\/vc_column_text][\/vc_column_inner][\/vc_row_inner][\/vc_column][\/vc_row][\/vc_section][vc_row full_width=\u00bbstretch_row\u00bb css=\u00bb.vc_custom_1701958764420{background-image: url(http:\/\/karlajohan.com.ar\/nueva\/wp-content\/uploads\/2023\/12\/bg-1-100.jpg?id=469) !important;background-position: center !important;background-repeat: no-repeat !important;background-size: cover !important;}\u00bb mobile_bg_img_hidden=\u00bbno\u00bb tablet_bg_img_hidden=\u00bbno\u00bb woodmart_parallax=\u00bb0&#8243; woodmart_gradient_switch=\u00bbno\u00bb row_reverse_mobile=\u00bb0&#8243; row_reverse_tablet=\u00bb0&#8243; woodmart_disable_overflow=\u00bb0&#8243;][vc_column width=\u00bb1\/2&#8243;][vc_row_inner][vc_column_inner width=\u00bb2\/3&#8243;][vc_column_text text_larger=\u00bbno\u00bb css=\u00bb.vc_custom_1701960662411{border-bottom-width: 1px !important;border-bottom-color: #843d53 !important;border-bottom-style: solid !important;}\u00bb]<\/p>\n<h2 style=\"font-family: 'Montserrat'; color: #843d53; margin: 0;\">CABERNET FRANC<\/h2>\n<p style=\"font-family: 'Montserrat';\">Una de las uvas tintas m\u00e1s plantadas en el mundo<\/p>\n<p>[\/vc_column_text][\/vc_column_inner][vc_column_inner width=\u00bb1\/3&#8243;][\/vc_column_inner][\/vc_row_inner][vc_row_inner][vc_column_inner width=\u00bb1\/2&#8243;][vc_column_text text_larger=\u00bbno\u00bb]<a href=\"http:\/\/karlajohan.com.ar\/nueva\/wp-content\/uploads\/2023\/12\/icons-11.png\"><img loading=\"lazy\" decoding=\"async\" class=\"alignnone size-full wp-image-471\" src=\"http:\/\/karlajohan.com.ar\/nueva\/wp-content\/uploads\/2023\/12\/icons-11.png\" alt=\"\" width=\"47\" height=\"65\" \/><\/a><\/p>\n<p style=\"color: #843d53; margin: 0;\">Origen:<\/p>\n<p style=\"color: #606060; font-family: 'Montserrat';\">Francia.<\/p>\n<p>[\/vc_column_text][\/vc_column_inner][vc_column_inner width=\u00bb1\/2&#8243;][vc_column_text text_larger=\u00bbno\u00bb]<\/p>\n<p style=\"color: #843d53; margin: 0;\"><a href=\"http:\/\/karlajohan.com.ar\/nueva\/wp-content\/uploads\/2023\/12\/icons-21.png\"><img loading=\"lazy\" decoding=\"async\" class=\"alignnone size-full wp-image-472\" src=\"http:\/\/karlajohan.com.ar\/nueva\/wp-content\/uploads\/2023\/12\/icons-21.png\" alt=\"\" width=\"56\" height=\"80\" \/><\/a><br \/>\nColor:<\/p>\n<p style=\"color: #606060; font-family: 'Montserrat';\">rojo profundo,<br \/>\ncon matices viol\u00e1ceos.<\/p>\n<p>[\/vc_column_text][\/vc_column_inner][\/vc_row_inner][vc_row_inner][vc_column_inner width=\u00bb1\/2&#8243;][vc_column_text text_larger=\u00bbno\u00bb]<\/p>\n<p style=\"color: #606060; font-family: 'Montserrat';\"><a href=\"http:\/\/karlajohan.com.ar\/nueva\/wp-content\/uploads\/2023\/12\/icons-81-1.png\"><img loading=\"lazy\" decoding=\"async\" class=\"alignnone size-full wp-image-499\" src=\"http:\/\/karlajohan.com.ar\/nueva\/wp-content\/uploads\/2023\/12\/icons-81-1.png\" alt=\"\" width=\"164\" height=\"125\" \/><\/a><br \/>\nLas regiones mas<br \/>\nfamosas donde se cultiva<br \/>\nson en <em><strong>Valle del Loira<\/strong><\/em><br \/>\n<em><strong>y Burdeos<\/strong><\/em>.<\/p>\n<p>[\/vc_column_text][\/vc_column_inner][vc_column_inner width=\u00bb1\/2&#8243;][vc_column_text text_larger=\u00bbno\u00bb]<\/p>\n<p style=\"color: #843d53; margin: 0;\"><a href=\"http:\/\/karlajohan.com.ar\/nueva\/wp-content\/uploads\/2023\/12\/icons-41.png\"><img loading=\"lazy\" decoding=\"async\" class=\"alignnone size-full wp-image-474\" src=\"http:\/\/karlajohan.com.ar\/nueva\/wp-content\/uploads\/2023\/12\/icons-41.png\" alt=\"\" width=\"73\" height=\"76\" \/><\/a><br \/>\nAroma:<\/p>\n<p style=\"color: #606060; font-family: 'Montserrat';\">notas a frutas<br \/>\nrojas, frambuesa, cassis,<br \/>\ny grosella negra, violetas y<br \/>\ngrafito. Hojas de cassis<\/p>\n<p>[\/vc_column_text][\/vc_column_inner][\/vc_row_inner][vc_row_inner][vc_column_inner width=\u00bb1\/2&#8243;][vc_column_text text_larger=\u00bbno\u00bb]<\/p>\n<p style=\"color: #843d53; margin: 0;\"><a href=\"http:\/\/karlajohan.com.ar\/nueva\/wp-content\/uploads\/2023\/12\/icons-51.png\"><img loading=\"lazy\" decoding=\"async\" class=\"alignnone size-full wp-image-475\" src=\"http:\/\/karlajohan.com.ar\/nueva\/wp-content\/uploads\/2023\/12\/icons-51.png\" alt=\"\" width=\"75\" height=\"73\" \/><\/a><br \/>\nMendoza,<\/p>\n<p style=\"color: #606060; font-family: 'Montserrat';\">Aut\u00f3ctona Valle del Loira.<\/p>\n<p>[\/vc_column_text][\/vc_column_inner][vc_column_inner width=\u00bb1\/2&#8243;][vc_column_text text_larger=\u00bbno\u00bb]<\/p>\n<p style=\"color: #843d53; margin: 0;\"><a href=\"http:\/\/karlajohan.com.ar\/nueva\/wp-content\/uploads\/2023\/12\/icons-61.png\"><img loading=\"lazy\" decoding=\"async\" class=\"alignnone size-full wp-image-476\" src=\"http:\/\/karlajohan.com.ar\/nueva\/wp-content\/uploads\/2023\/12\/icons-61.png\" alt=\"\" width=\"53\" height=\"91\" \/><\/a><br \/>\nSabor:<\/p>\n<p style=\"color: #606060; font-family: 'Montserrat';\">entrada suave en<br \/>\nboca, con taninos equilibrados.<br \/>\nFrutas negras y rojas, en algunos<br \/>\ncasos notas vegetales (pimiento verde).<\/p>\n<p>[\/vc_column_text][\/vc_column_inner][\/vc_row_inner][vc_row_inner][vc_column_inner][vc_column_text text_larger=\u00bbno\u00bb]<\/p>\n<p style=\"color: #843d53; margin: 0;\"><a href=\"http:\/\/karlajohan.com.ar\/nueva\/wp-content\/uploads\/2023\/12\/icons-71.png\"><img loading=\"lazy\" decoding=\"async\" class=\"alignnone size-full wp-image-477\" src=\"http:\/\/karlajohan.com.ar\/nueva\/wp-content\/uploads\/2023\/12\/icons-71.png\" alt=\"\" width=\"101\" height=\"81\" \/><\/a><br \/>\nMaridaje:<\/p>\n<p style=\"color: #606060; font-family: 'Montserrat';\">acompa\u00f1a carnes rojas, pastas rellenas con rag\u00fa de cordero. Verduras como berenjenas, tomates, y hongos. Quesos de leche de vaca de pasta dura.<\/p>\n<p>[\/vc_column_text][\/vc_column_inner][\/vc_row_inner][\/vc_column][vc_column width=\u00bb1\/2&#8243;][vc_single_image image=\u00bb479&#8243; img_size=\u00bbfull\u00bb alignment=\u00bbright\u00bb parallax_scroll=\u00bbno\u00bb][\/vc_column][\/vc_row][vc_row full_width=\u00bbstretch_row\u00bb css=\u00bb.vc_custom_1701958764420{background-image: url(http:\/\/karlajohan.com.ar\/nueva\/wp-content\/uploads\/2023\/12\/bg-1-100.jpg?id=469) !important;background-position: center !important;background-repeat: no-repeat !important;background-size: cover !important;}\u00bb mobile_bg_img_hidden=\u00bbno\u00bb tablet_bg_img_hidden=\u00bbno\u00bb woodmart_parallax=\u00bb0&#8243; woodmart_gradient_switch=\u00bbno\u00bb row_reverse_mobile=\u00bb0&#8243; row_reverse_tablet=\u00bb0&#8243; woodmart_disable_overflow=\u00bb0&#8243;][vc_column width=\u00bb1\/2&#8243;][vc_single_image image=\u00bb478&#8243; img_size=\u00bbfull\u00bb alignment=\u00bbright\u00bb parallax_scroll=\u00bbno\u00bb][\/vc_column][vc_column width=\u00bb1\/2&#8243;][vc_row_inner][vc_column_inner width=\u00bb1\/4&#8243;][\/vc_column_inner][vc_column_inner width=\u00bb3\/4&#8243; woodmart_text_align=\u00bbright\u00bb][vc_column_text text_larger=\u00bbno\u00bb css=\u00bb.vc_custom_1701960901225{border-bottom-width: 1px !important;border-bottom-color: #843d53 !important;border-bottom-style: solid !important;}\u00bb]<\/p>\n<h2 style=\"font-family: 'Montserrat'; color: #843d53; margin: 0;\">TORRONT\u00c9S<\/h2>\n<p style=\"font-family: 'Montserrat';\">Cepa blanca emblem\u00e1tica de nuestro pa\u00eds<\/p>\n<p>[\/vc_column_text][\/vc_column_inner][\/vc_row_inner][vc_row_inner][vc_column_inner width=\u00bb1\/2&#8243; woodmart_text_align=\u00bbright\u00bb][vc_column_text text_larger=\u00bbno\u00bb]<a href=\"http:\/\/karlajohan.com.ar\/nueva\/wp-content\/uploads\/2023\/12\/icons-11.png\"><img loading=\"lazy\" decoding=\"async\" class=\"alignnone size-full wp-image-471\" src=\"http:\/\/karlajohan.com.ar\/nueva\/wp-content\/uploads\/2023\/12\/icons-11.png\" alt=\"\" width=\"47\" height=\"65\" \/><\/a><\/p>\n<p style=\"color: #843d53; margin: 0;\">Origen:<\/p>\n<p style=\"color: #606060; font-family: 'Montserrat';\">Argentina.<\/p>\n<p>[\/vc_column_text][\/vc_column_inner][vc_column_inner width=\u00bb1\/2&#8243; woodmart_text_align=\u00bbright\u00bb][vc_column_text text_larger=\u00bbno\u00bb]<\/p>\n<p style=\"color: #843d53; margin: 0;\"><a href=\"http:\/\/karlajohan.com.ar\/nueva\/wp-content\/uploads\/2023\/12\/icons-21.png\"><img loading=\"lazy\" decoding=\"async\" class=\"alignnone size-full wp-image-472\" src=\"http:\/\/karlajohan.com.ar\/nueva\/wp-content\/uploads\/2023\/12\/icons-21.png\" alt=\"\" width=\"56\" height=\"80\" \/><\/a><br \/>\nColor:<\/p>\n<p style=\"color: #606060; font-family: 'Montserrat';\">amarillo con reflejos<br \/>\nverdosos.<\/p>\n<p>[\/vc_column_text][\/vc_column_inner][\/vc_row_inner][vc_row_inner][vc_column_inner width=\u00bb1\/2&#8243; woodmart_text_align=\u00bbright\u00bb][vc_column_text text_larger=\u00bbno\u00bb]<\/p>\n<p style=\"color: #606060; font-family: Montserrat;\"><a href=\"http:\/\/karlajohan.com.ar\/nueva\/wp-content\/uploads\/2023\/12\/icons-31.png\"><img loading=\"lazy\" decoding=\"async\" class=\"alignnone size-full wp-image-473\" src=\"http:\/\/karlajohan.com.ar\/nueva\/wp-content\/uploads\/2023\/12\/icons-31.png\" alt=\"\" width=\"70\" height=\"136\" \/><\/a><br \/>\nEn Argentina, existen<br \/>\ntres clones,<br \/>\n<em><strong>Riojano, Sanjuanino y<\/strong><\/em><br \/>\n<em><strong>Mendocino<\/strong><\/em>.<\/p>\n<p>[\/vc_column_text][\/vc_column_inner][vc_column_inner width=\u00bb1\/2&#8243; woodmart_text_align=\u00bbright\u00bb][vc_column_text text_larger=\u00bbno\u00bb]<\/p>\n<p style=\"color: #843d53; margin: 0;\"><a href=\"http:\/\/karlajohan.com.ar\/nueva\/wp-content\/uploads\/2023\/12\/icons-41.png\"><img loading=\"lazy\" decoding=\"async\" class=\"alignnone size-full wp-image-474\" src=\"http:\/\/karlajohan.com.ar\/nueva\/wp-content\/uploads\/2023\/12\/icons-41.png\" alt=\"\" width=\"73\" height=\"76\" \/><\/a><br \/>\nAroma:<\/p>\n<p style=\"color: #606060; font-family: 'Montserrat';\">flores blancas, miel,<br \/>\nduraznos y damascos.<\/p>\n<p>[\/vc_column_text][\/vc_column_inner][\/vc_row_inner][vc_row_inner][vc_column_inner width=\u00bb1\/2&#8243; woodmart_text_align=\u00bbright\u00bb][vc_column_text text_larger=\u00bbno\u00bb]<\/p>\n<p style=\"color: #843d53; margin: 0px; text-align: right;\"><a href=\"http:\/\/karlajohan.com.ar\/nueva\/wp-content\/uploads\/2023\/12\/icons-51.png\"><img loading=\"lazy\" decoding=\"async\" class=\"size-full wp-image-475 alignnone\" src=\"http:\/\/karlajohan.com.ar\/nueva\/wp-content\/uploads\/2023\/12\/icons-51.png\" alt=\"\" width=\"75\" height=\"73\" \/><\/a><br \/>\nSabor:<\/p>\n<p style=\"color: #606060; font-family: Montserrat; text-align: right;\">el m\u00e1s cultivado.<\/p>\n<p>[\/vc_column_text][\/vc_column_inner][vc_column_inner width=\u00bb1\/2&#8243; woodmart_text_align=\u00bbright\u00bb][vc_column_text text_larger=\u00bbno\u00bb]<\/p>\n<p style=\"color: #843d53; margin: 0;\"><a href=\"http:\/\/karlajohan.com.ar\/nueva\/wp-content\/uploads\/2023\/12\/icons-61.png\"><img loading=\"lazy\" decoding=\"async\" class=\"alignnone size-full wp-image-476\" src=\"http:\/\/karlajohan.com.ar\/nueva\/wp-content\/uploads\/2023\/12\/icons-61.png\" alt=\"\" width=\"53\" height=\"91\" \/><\/a><br \/>\nSabor:<\/p>\n<p style=\"color: #606060; font-family: 'Montserrat';\">frutas blancas durazno,<br \/>\nmiel y un amargor al final<br \/>\ndel paladar.<\/p>\n<p>[\/vc_column_text][\/vc_column_inner][\/vc_row_inner][vc_row_inner][vc_column_inner][vc_column_text text_larger=\u00bbno\u00bb]<\/p>\n<p style=\"color: #843d53; margin: 0;\"><a href=\"http:\/\/karlajohan.com.ar\/nueva\/wp-content\/uploads\/2023\/12\/icons-71.png\"><img loading=\"lazy\" decoding=\"async\" class=\"alignnone size-full wp-image-477\" src=\"http:\/\/karlajohan.com.ar\/nueva\/wp-content\/uploads\/2023\/12\/icons-71.png\" alt=\"\" width=\"101\" height=\"81\" \/><\/a><br \/>\nMaridaje:<\/p>\n<p style=\"color: #606060; font-family: 'Montserrat';\">comida picante, regionales del noroeste argentino como humitas y tamales.<\/p>\n<p>[\/vc_column_text][\/vc_column_inner][\/vc_row_inner][\/vc_column][\/vc_row]<\/p>\n<\/section>","protected":false},"excerpt":{"rendered":"<p>[vc_section mobile_bg_img_hidden=\u00bbno\u00bb tablet_bg_img_hidden=\u00bbno\u00bb woodmart_parallax=\u00bb0&#8243; woodmart_gradient_switch=\u00bbno\u00bb woodmart_disable_overflow=\u00bb0&#8243;][vc_row full_width=\u00bbstretch_row_content_no_spaces\u00bb css=\u00bb.vc_custom_1701961579406{padding-top: 60px !important;padding-bottom: 60px !important;background-image: url(http:\/\/karlajohan.com.ar\/nueva\/wp-content\/uploads\/2023\/12\/Banner-seccion-sobre-el-vino-scaled.jpg?id=505) !important;background-position: center !important;background-repeat: no-repeat !important;background-size: cover !important;}\u00bb<\/p>\n","protected":false},"author":2,"featured_media":0,"parent":0,"menu_order":0,"comment_status":"closed","ping_status":"closed","template":"","meta":{"footnotes":""},"class_list":["post-430","page","type-page","status-publish","hentry"],"_links":{"self":[{"href":"http:\/\/karlajohan.com.ar\/nueva\/wp-json\/wp\/v2\/pages\/430","targetHints":{"allow":["GET"]}}],"collection":[{"href":"http:\/\/karlajohan.com.ar\/nueva\/wp-json\/wp\/v2\/pages"}],"about":[{"href":"http:\/\/karlajohan.com.ar\/nueva\/wp-json\/wp\/v2\/types\/page"}],"author":[{"embeddable":true,"href":"http:\/\/karlajohan.com.ar\/nueva\/wp-json\/wp\/v2\/users\/2"}],"replies":[{"embeddable":true,"href":"http:\/\/karlajohan.com.ar\/nueva\/wp-json\/wp\/v2\/comments?post=430"}],"version-history":[{"count":29,"href":"http:\/\/karlajohan.com.ar\/nueva\/wp-json\/wp\/v2\/pages\/430\/revisions"}],"predecessor-version":[{"id":511,"href":"http:\/\/karlajohan.com.ar\/nueva\/wp-json\/wp\/v2\/pages\/430\/revisions\/511"}],"wp:attachment":[{"href":"http:\/\/karlajohan.com.ar\/nueva\/wp-json\/wp\/v2\/media?parent=430"}],"curies":[{"name":"wp","href":"https:\/\/api.w.org\/{rel}","templated":true}]}}